{"id":871,"date":"2019-01-15T20:06:43","date_gmt":"2019-01-15T20:06:43","guid":{"rendered":"http:\/\/integralepito.web2.vhost.hu\/?page_id=871"},"modified":"2025-09-30T13:29:39","modified_gmt":"2025-09-30T13:29:39","slug":"nyertes-palyazataink","status":"publish","type":"page","link":"http:\/\/integralepito.hu\/index.php\/nyertes-palyazataink\/","title":{"rendered":"Nyertes p\u00e1ly\u00e1zataink"},"content":{"rendered":"\n<h3 class=\"wp-block-heading\"><strong>1. <em>Modern \u00fczleti \u00e9s termel\u00e9si kih\u00edv\u00e1sokhoz val\u00f3 alkalmazkod\u00e1s\u00e1t seg\u00edt\u0151 fejleszt\u00e9s az INTEGR\u00c1L Zrt.-n\u00e9l<\/em><\/strong> <strong>    <\/strong><\/h3>\n\n\n\n<figure class=\"wp-block-image\"><img fetchpriority=\"high\" decoding=\"async\" width=\"1024\" height=\"724\" src=\"http:\/\/integralepito.web2.vhost.hu\/wp-content\/uploads\/2022\/07\/integral_a3_fekvo_vagojel_nelkuli_page-0001-1024x724.jpg\" alt=\"\" class=\"wp-image-1576\" srcset=\"http:\/\/integralepito.hu\/wp-content\/uploads\/2022\/07\/integral_a3_fekvo_vagojel_nelkuli_page-0001-1024x724.jpg 1024w, http:\/\/integralepito.hu\/wp-content\/uploads\/2022\/07\/integral_a3_fekvo_vagojel_nelkuli_page-0001-300x212.jpg 300w, http:\/\/integralepito.hu\/wp-content\/uploads\/2022\/07\/integral_a3_fekvo_vagojel_nelkuli_page-0001-768x543.jpg 768w\" sizes=\"(max-width: 1024px) 100vw, 1024px\" \/><\/figure>\n\n\n\n<p><\/p>\n\n\n\n<figure class=\"wp-block-image size-large\"><img decoding=\"async\" width=\"1024\" height=\"292\" src=\"http:\/\/integralepito.hu\/wp-content\/uploads\/2024\/11\/kedvezmenyezetti_infoblokk_fekvo_magyar_rgb-1024x292.jpg\" alt=\"\" class=\"wp-image-2446\" srcset=\"http:\/\/integralepito.hu\/wp-content\/uploads\/2024\/11\/kedvezmenyezetti_infoblokk_fekvo_magyar_rgb-1024x292.jpg 1024w, http:\/\/integralepito.hu\/wp-content\/uploads\/2024\/11\/kedvezmenyezetti_infoblokk_fekvo_magyar_rgb-300x85.jpg 300w, http:\/\/integralepito.hu\/wp-content\/uploads\/2024\/11\/kedvezmenyezetti_infoblokk_fekvo_magyar_rgb-768x219.jpg 768w, http:\/\/integralepito.hu\/wp-content\/uploads\/2024\/11\/kedvezmenyezetti_infoblokk_fekvo_magyar_rgb-1536x437.jpg 1536w, http:\/\/integralepito.hu\/wp-content\/uploads\/2024\/11\/kedvezmenyezetti_infoblokk_fekvo_magyar_rgb-2048x583.jpg 2048w\" sizes=\"(max-width: 1024px) 100vw, 1024px\" \/><\/figure>\n\n\n\n<figure class=\"wp-block-table alignfull is-style-stripes\"><table class=\"has-fixed-layout\"><tbody><tr><td><strong>   Kedvezm\u00e9nyezett neve:   <\/strong><\/td><td><strong>   INTEGR\u00c1L \u00c9p\u00edt\u0151 Z\u00e1rtk\u00f6r\u0171en M\u0171k\u00f6d\u0151 R\u00e9szv\u00e9nyt\u00e1rsas\u00e1g   <\/strong><\/td><\/tr><tr><td> <strong>  Projekt megnevez\u00e9se:   <\/strong><\/td><td><br><strong><em>Modern \u00fczleti \u00e9s termel\u00e9si kih\u00edv\u00e1sokhoz val\u00f3 alkalmazkod\u00e1s\u00e1t seg\u00edt\u0151 fejleszt\u00e9s az INTEGR\u00c1L  Zrt.-n\u00e9l<\/em><\/strong> <\/td><\/tr><tr><td> <strong>  P\u00e1ly\u00e1zati c\u00edme:   <\/strong><\/td><td><br><strong><em>GINOP_PLUSZ-1.2.3-21-2022-00603 <\/em><\/strong> <strong> <\/strong><\/td><\/tr><tr><td><strong>   Projekt helysz\u00edne (r\u00e9gi\u00f3):   <\/strong><\/td><td><strong>   D\u00e9l-Alf\u00f6ld   <\/strong><\/td><\/tr><tr><td><strong>   Projekt helysz\u00edne (megye):   <\/strong><\/td><td><em>   B\u00e9k\u00e9s   <\/em><\/td><\/tr><tr><td><strong>   Projekt helysz\u00edne (telep\u00fcl\u00e9s):  <\/strong> <\/td><td><strong>   Szarvas   <\/strong><\/td><\/tr><tr><td> <strong>  Meg\u00edt\u00e9lt \u00f6sszeg:   <\/strong><\/td><td><br><strong><em>72.521.236<\/em><\/strong> <strong>.- HUF   <\/strong><\/td><\/tr><tr><td><strong>   T\u00e1mogat\u00e1s ar\u00e1nya:   <\/strong><\/td><td><strong>   70 %   <\/strong><br><\/td><\/tr><tr><td><strong>   T\u00e1mogat\u00e1si d\u00f6nt\u00e9s d\u00e1tuma: <\/strong>  <\/td><td><strong>   2022.02.22.   <\/strong><\/td><\/tr><tr><td><strong>   Projekt \u00f6sszk\u00f6lts\u00e9g:  <\/strong> <\/td><td><strong> 103.601.766 .- HUF   <\/strong><\/td><\/tr><tr><td><strong> A projekt tervezett befejez\u00e9si d\u00e1tuma:<\/strong><\/td><td><br><strong> 2024.03.01.  <\/strong><\/td><\/tr><tr><td><strong>A projekt azonos\u00edt\u00f3sz\u00e1ma:<\/strong><\/td><td><br><strong><em>GINOP_PLUSZ-1.2.3-21-2022-00603 <\/em><\/strong>  <\/td><\/tr><tr><td><strong>A projekt bemutat\u00e1sa:<\/strong><\/td><td><br><strong><em>A GINOP_PLUSZ-1.2.3-21-2022-00603 azonos\u00edt\u00f3sz\u00e1m\u00fa projekt keret\u00e9ben 128m2 nagys\u00e1g\u00fa ter\u00fcleten \u00e1talak\u00edt\u00e1sra ker\u00fcl\u0151 g\u00e9pszerel\u0151 m\u0171helyben \u00fczembe helyez\u00e9sre ker\u00fcl az az 1db Yilmaz gy\u00e1rt\u00f3g\u00e9psor 50-60 PVC ablak legy\u00e1rt\u00e1s\u00e1hoz, amely a kor\u00e1bbi asztalos-\u00e1cs m\u0171helyben l\u00e9trej\u00f6v\u0151 faszerkezet\u0171 ny\u00edl\u00e1sz\u00e1r\u00f3k alternat\u00edv m\u0171anyag ny\u00edl\u00e1sz\u00e1r\u00f3kkal t\u00f6rt\u00e9n\u0151 kieg\u00e9sz\u00edt\u00e9s\u00e9t c\u00e9lozza a piaci ig\u00e9nyeknek megfelel\u0151en. A g\u00e9pszerel\u0151 m\u0171helyt \u00e9rinti annak a brutt\u00f3 210m2 ter\u00fclet nagys\u00e1g\u00fa fedett sz\u00ednnek is a megval\u00f3s\u00edt\u00e1sa, amely a k\u00f6lts\u00e9ghat\u00e9kony \u00e9s kisz\u00e1m\u00edthat\u00f3 alapanyaggazd\u00e1lkod\u00e1st biztos\u00edtja. A projekt megval\u00f3s\u00edt\u00e1sa sor\u00e1n beszerz\u00e9sre ker\u00fcl m\u00e9g 322,5 m2 MEVAFLEX f\u00f6d\u00e9mzsalurendszer is, amely eg\u00e9sz \u00e9ves teljes kapacit\u00e1skihaszn\u00e1lts\u00e1g\u00e1t tekintve jelent\u0151s b\u00e9rleti d\u00edj megtakar\u00edt\u00e1st eredm\u00e9nyez. A magasabb hozz\u00e1adott \u00e9rt\u00e9k n\u00f6vel\u00e9s\u00e9t biztos\u00edtja annak az 1db AIRO X14 RTD oll\u00f3s szerkezet\u0171 diesel \u00f6nj\u00e1r\u00f3 munka\u00e1llv\u00e1nynak a beszerz\u00e9se is, melynek r\u00e9v\u00e9n a produkt\u00edv munka\u00f3r\u00e1k sz\u00e1ma megn\u0151, az inprodukt\u00edvak\u00e9 lecs\u00f6kken, \u00edgy a t\u00e1rsas\u00e1g rezsi \u00f3rad\u00edj k\u00f6lts\u00e9ge is m\u00e9rs\u00e9kl\u0151dik.<\/em><\/strong><br> <strong><em>A 2024.03.01.-ig befejezni tervezett fejleszt\u00e9s eredm\u00e9nyek\u00e9nt megval\u00f3sul\u00f3 ingatlan, infrastruktur\u00e1lis, technol\u00f3giai beruh\u00e1z\u00e1snak \u00e9s tan\u00e1csad\u00e1si szolg\u00e1ltat\u00e1sig\u00e9nybev\u00e9telnek az a c\u00e9lja, hogy az INTEGR\u00c1L Zrt. \u00e9p\u00edt\u0151ipari tev\u00e9kenys\u00e9g folytat\u00e1s\u00e1hoz sz\u00fcks\u00e9ges er\u0151forr\u00e1sait racionaliz\u00e1lva hozz\u00e1rendelje \u00e9s k\u00f6lts\u00e9ghat\u00e9konyan alkalmazza a fenn\u00e1ll\u00f3 piaci ig\u00e9nyek kiszolg\u00e1l\u00e1s\u00e1ra, amely egyszerre teszi lehet\u0151v\u00e9 a k\u00f6rnyezettudatos gazdas\u00e1gi versenyk\u00e9pess\u00e9g er\u0151s\u00edt\u00e9s\u00e9t \u00e9s a k\u00f6rnyezetterhel\u00e9s cs\u00f6kkent\u00e9s\u00e9t.<\/em><\/strong> <br><br><\/td><\/tr><\/tbody><\/table><\/figure>\n\n\n\n<h3 class=\"wp-block-heading\" id=\"mce_21\"><strong>2. Komplex Energetikai Fejleszt\u00e9s az INTEGR\u00c1L Zrt.-n\u00e9l<\/strong><\/h3>\n\n\n\n<figure class=\"wp-block-image size-large is-resized\"><img decoding=\"async\" width=\"1024\" height=\"734\" src=\"http:\/\/integralepito.hu\/wp-content\/uploads\/2023\/07\/ginop_4_1_1_8_4_4_16_2017_00151_c_fekvo_nyomdai_page-0001-1024x734.jpg\" alt=\"\" class=\"wp-image-1967\" style=\"width:850px;height:609px\" srcset=\"http:\/\/integralepito.hu\/wp-content\/uploads\/2023\/07\/ginop_4_1_1_8_4_4_16_2017_00151_c_fekvo_nyomdai_page-0001-1024x734.jpg 1024w, http:\/\/integralepito.hu\/wp-content\/uploads\/2023\/07\/ginop_4_1_1_8_4_4_16_2017_00151_c_fekvo_nyomdai_page-0001-300x215.jpg 300w, http:\/\/integralepito.hu\/wp-content\/uploads\/2023\/07\/ginop_4_1_1_8_4_4_16_2017_00151_c_fekvo_nyomdai_page-0001-768x551.jpg 768w, http:\/\/integralepito.hu\/wp-content\/uploads\/2023\/07\/ginop_4_1_1_8_4_4_16_2017_00151_c_fekvo_nyomdai_page-0001-1536x1101.jpg 1536w, http:\/\/integralepito.hu\/wp-content\/uploads\/2023\/07\/ginop_4_1_1_8_4_4_16_2017_00151_c_fekvo_nyomdai_page-0001-2048x1468.jpg 2048w\" sizes=\"(max-width: 1024px) 100vw, 1024px\" \/><\/figure>\n\n\n\n<figure class=\"wp-block-table alignfull is-style-stripes\"><table class=\"has-fixed-layout\"><tbody><tr><td><strong>   P\u00e1ly\u00e1z\u00f3 neve:   <\/strong><\/td><td><strong>   INTEGR\u00c1L \u00c9p\u00edt\u0151 Z\u00e1rtk\u00f6r\u0171en M\u0171k\u00f6d\u0151 R\u00e9szv\u00e9nyt\u00e1rsas\u00e1g   <\/strong><\/td><\/tr><tr><td> <strong>  Projekt megnevez\u00e9se:   <\/strong><\/td><td><strong>   Komplex Energetikai Fejleszt\u00e9s az INTEGR\u00c1L Zrt.-n\u00e9l   <\/strong><\/td><\/tr><tr><td> <strong>  P\u00e1ly\u00e1zati ki\u00edr\u00e1s megnevez\u00e9se:   <\/strong><\/td><td> <strong>  GINOP-4.1.1-8-4-4-16 &#8211; Meg\u00fajul\u00f3 energia haszn\u00e1lat\u00e1val megval\u00f3sul\u00f3   \u00e9p\u00fcletenergetikai fejleszt\u00e9sek t\u00e1mogat\u00e1sa kombin\u00e1lt hitelterm\u00e9kkel   <\/strong><\/td><\/tr><tr><td><strong>   Projekt helysz\u00edne (r\u00e9gi\u00f3):   <\/strong><\/td><td><strong>   D\u00e9l-Alf\u00f6ld   <\/strong><\/td><\/tr><tr><td><strong>   Projekt helysz\u00edne (megye):   <\/strong><\/td><td><em>   B\u00e9k\u00e9s   <\/em><\/td><\/tr><tr><td><strong>   Projekt helysz\u00edne (telep\u00fcl\u00e9s):  <\/strong> <\/td><td><strong>   Szarvas   <\/strong><\/td><\/tr><tr><td> <strong>  Meg\u00edt\u00e9lt \u00f6sszeg:   <\/strong><\/td><td>   <strong>31 938 348 .- HUF   <\/strong><\/td><\/tr><tr><td><strong>   T\u00e1mogat\u00e1s ar\u00e1nya:   <\/strong><\/td><td><strong>   45 %   <\/strong><br><\/td><\/tr><tr><td><strong>   T\u00e1mogat\u00e1si d\u00f6nt\u00e9s d\u00e1tuma: <\/strong>  <\/td><td><strong>   2018.12.17   <\/strong><\/td><\/tr><tr><td><br><strong>A szerz\u0151d\u00f6tt visszat\u00e9r\u00edtend\u0151 t\u00e1mogat\u00e1s (hitel) \u00f6sszege:<\/strong><\/td><td> <br><strong>31.938.354,- Ft \ufeff<\/strong> <\/td><\/tr><tr><td><br><strong> <\/strong> <strong>A visszat\u00e9r\u00edtend\u0151 t\u00e1mogat\u00e1s (hitel) m\u00e9rt\u00e9ke (%-ban):  <\/strong><\/td><td><strong>45 %<\/strong><\/td><\/tr><tr><td><strong>   Projekt \u00f6sszk\u00f6lts\u00e9g:  <\/strong> <\/td><td>   <strong>70 974 114 .- HUF   <\/strong><\/td><\/tr><tr><td><strong> A projekt tervezett befejez\u00e9si d\u00e1tuma:<\/strong><\/td><td><br><strong> 2020.12.31.  <\/strong><\/td><\/tr><tr><td><strong>A projekt azonos\u00edt\u00f3sz\u00e1ma:<\/strong><\/td><td><strong>GINOP-4.1.1-8-4-4-16-2017-00151<\/strong><\/td><\/tr><tr><td><strong>A projekt bemutat\u00e1sa:<\/strong><\/td><td><strong>&nbsp;          A szarvasi sz\u00e9khely\u0171 t\u00e1rsas\u00e1g m\u00faltja eg\u00e9szen addig az \u00e9vig, 1982-ig ny\u00falik vissza, amikor el\u0151sz\u00f6r lehetett Magyarorsz\u00e1gon mag\u00e1nc\u00e9get alap\u00edtani. Az akkori INTEGR\u00c1L Gmk az els\u0151 k\u00e9t \u00e9vben tervez\u00e9ssel \u00e9s lebonyol\u00edt\u00e1ssal foglalkozott, majd r\u00f6vid id\u0151n bel\u00fcl m\u00e1r \u00e9p\u00edt\u0151ipari kivitelez\u00e9ssel is. A c\u00e9g m\u00e1ra m\u00e1r r\u00e9szv\u00e9nyt\u00e1rsas\u00e1g, jelenlegi form\u00e1j\u00e1t 1999-ben kapta meg. A tiszt\u00e1n belf\u00f6ldi mag\u00e1nszem\u00e9lyek \u00e9s csal\u00e1dtagok alap\u00edt\u00e1s\u00e1val l\u00e9trej\u00f6tt szervezet fokozatosan n\u00f6velte szakembereinek sz\u00e1m\u00e1t,alv\u00e1llalkoz\u00f3kat csak a legritk\u00e1bb esetekben, speci\u00e1lis szakter\u00fcleteken    vesznek ig\u00e9nybe. <br>          A fokozott szakemberhi\u00e1ny, a sz\u00fcks\u00e9ges b\u00e9rfejleszt\u00e9sek \u00e9s az \u00e9p\u00edt\u0151ipar speci\u00e1lis piaci k\u00f6r\u00fclm\u00e9nyei indokolj\u00e1k, hogy a menedzsment folyamatosan keresse azokat k\u00f6lts\u00e9gcs\u00f6kkent\u00e9si lehet\u0151s\u00e9geket, amelyek hossz\u00fat\u00e1von biztos\u00edtj\u00e1k a versenyk\u00e9pess\u00e9g \u00e9s piaci poz\u00edci\u00f3 szinten tart\u00e1s\u00e1t. A gazd\u00e1lkod\u00f3 rent\u00e1bilis beruh\u00e1z\u00e1si ig\u00e9nye olyan t\u00e1mogatott komplex energetikai beruh\u00e1z\u00e1sra ir\u00e1nyul, amellyel a telephelyen l\u00e9v\u0151 h\u00e1rom korszer\u0171tlen l\u00e9tes\u00edtm\u00e9ny\u00e9nek fenntart\u00e1si, \u00fczemeltet\u00e9si k\u00f6lts\u00e9geit tudja cs\u00f6kkenteni hozz\u00e1j\u00e1rulva az \u00fczemi eredm\u00e9ny magasabb szintj\u00e9nek el\u00e9r\u00e9s\u00e9hez \u00e9s a szakember g\u00e1rda megtart\u00e1s\u00e1hoz<\/strong>.<br><br><\/td><\/tr><\/tbody><\/table><\/figure>\n\n\n\n<p><\/p>\n\n\n\n<p><\/p>\n\n\n\n<p><\/p>\n\n\n\n<p><\/p>\n\n\n\n<h3 class=\"wp-block-heading has-text-align-left\"><strong>3.<\/strong> <strong>Asztalosipari g\u00e9pek beszerz\u00e9se az INTEGR\u00c1L Zrt.-n\u00e9l<\/strong> <\/h3>\n\n\n\n<figure class=\"wp-block-gallery has-nested-images columns-default is-cropped wp-block-gallery-1 is-layout-flex wp-block-gallery-is-layout-flex\">\n<figure class=\"wp-block-image size-large\"><img loading=\"lazy\" decoding=\"async\" width=\"567\" height=\"382\" data-id=\"924\" src=\"http:\/\/integralepito.hu\/wp-content\/uploads\/2019\/01\/palyazat-1-1.jpg\" alt=\"\" class=\"wp-image-924\" srcset=\"http:\/\/integralepito.hu\/wp-content\/uploads\/2019\/01\/palyazat-1-1.jpg 567w, http:\/\/integralepito.hu\/wp-content\/uploads\/2019\/01\/palyazat-1-1-300x202.jpg 300w\" sizes=\"(max-width: 567px) 100vw, 567px\" \/><\/figure>\n<\/figure>\n\n\n\n<p>Projekt t\u00e9nyleges befejez\u00e9se: 2019. 04. 23.<\/p>\n\n\n\n<p><\/p>\n\n\n\n<figure class=\"wp-block-table alignfull is-style-stripes\"><table class=\"has-fixed-layout\"><tbody><tr><td><strong>Kedvezm\u00e9nyezett neve:<\/strong><\/td><td><strong>INTEGR\u00c1L \u00c9p\u00edt\u0151 Z\u00e1rtk\u00f6r\u0171en M\u0171k\u00f6d\u0151 R\u00e9szv\u00e9nyt\u00e1rsas\u00e1g<\/strong><\/td><\/tr><tr><td><\/td><td><\/td><\/tr><tr><td><strong><strong>A projekt c\u00edme<\/strong>:<\/strong><\/td><td><strong>Asztalosipari g\u00e9pek beszerz\u00e9se az INTEGR\u00c1L Zrt.-n\u00e9l<\/strong><\/td><\/tr><tr><td><strong>A projekt azonos\u00edt\u00f3 sz\u00e1ma:<\/strong><\/td><td><strong>GINOP-2.1.8-17-2018-02711<\/strong> <strong> &#8211; A KKV-k versenyk\u00e9pess\u00e9g\u00e9nek n\u00f6vel\u00e9se adapt\u00edv technol\u00f3giai innov\u00e1ci\u00f3 r\u00e9v\u00e9n<\/strong><\/td><\/tr><tr><td>Projekt helysz\u00edne (r\u00e9gi\u00f3):<\/td><td>D\u00e9l-Alf\u00f6ld<\/td><\/tr><tr><td>Projekt helysz\u00edne (megye):<\/td><td>B\u00e9k\u00e9s<\/td><\/tr><tr><td>Projekt helysz\u00edne (telep\u00fcl\u00e9s):<\/td><td>Szarvas<\/td><\/tr><tr><td><strong>Szerz\u0151d\u00f6tt t\u00e1mogat\u00e1s \u00f6sszeg:<\/strong><\/td><td><strong>5 369 958 .- HUF<\/strong><\/td><\/tr><tr><td>T\u00e1mogat\u00e1s m\u00e9rt\u00e9ke:<\/td><td>50 %<\/td><\/tr><tr><td>T\u00e1mogat\u00e1si d\u00f6nt\u00e9s d\u00e1tuma:<\/td><td>2018.12.07<\/td><\/tr><tr><td>Projekt \u00f6sszk\u00f6lts\u00e9g:<\/td><td>10 739 917 .- HUF<br><br><\/td><\/tr><tr><td><\/td><td><\/td><\/tr><\/tbody><\/table><figcaption class=\"wp-element-caption\">Projekt t\u00e9nyleges befejez\u00e9se: 2019. 04. 23<\/figcaption><\/figure>\n\n\n\n<p><\/p>\n\n\n\n<p>A projekt bemutat\u00e1sa<\/p>\n\n\n\n<p class=\"has-small-font-size\">A) A szarvasi sz\u00e9khely\u0171 k\u00f6z\u00e9pv\u00e1llalkoz\u00e1st B\u0151di J\u00e1nos alap\u00edtotta 1982-ben, ami ekkor m\u00e9g Gazdas\u00e1gi Munkak\u00f6z\u00f6ss\u00e9g form\u00e1j\u00e1ban m\u0171k\u00f6d\u00f6tt. 1999-ben \u00e1talakul\u00e1ssal j\u00f6tt l\u00e9tre az INTEGR\u00c1L \u00c9p\u00edt\u0151 Zrt. A c\u00e9g 100%-os m\u00e9rt\u00e9kben csal\u00e1di v\u00e1llalkoz\u00e1s. Ma az \u00e9p\u00edt\u0151ipari f\u0151v\u00e1llalkoz\u00e1ssal, kivitelez\u00e9ssel foglalkoz\u00f3 36 \u00e9ves z\u00e1rtk\u00f6r\u0171en m\u0171k\u00f6d\u0151 r\u00e9szv\u00e9nyt\u00e1rsas\u00e1g a D\u00e9l-Alf\u00f6ldi r\u00e9gi\u00f3 egyik meghat\u00e1roz\u00f3 \u00e9p\u00edt\u0151ipari v\u00e1llalkoz\u00e1sa.<\/p>\n\n\n\n<p class=\"has-small-font-size\">F\u0151 tev\u00e9kenys\u00e9ge a lak\u00f3- \u00e9s nem lak\u00f3 \u00e9p\u00fclet \u00e9p\u00edt\u00e9se, emellett tev\u00e9kenys\u00e9gi k\u00f6r\u00e9be tartozik m\u00e9g a magas-, m\u00e9ly\u00e9p\u00edt\u00e9s, \u00fat-, aut\u00f3p\u00e1lya- \u00e9s egy\u00e9b speci\u00e1lis szak\u00e9p\u00edt\u00e9s, m\u00e9rn\u00f6ki, \u00e9p\u00edt\u00e9szm\u00e9rn\u00f6ki tev\u00e9kenys\u00e9g. Kezdetekt\u0151l fogva fokozatosan n\u0151tt a c\u00e9g l\u00e9tsz\u00e1ma. C\u00e9g\u00fcnk er\u0151ss\u00e9ge a megb\u00edzhat\u00f3, korrekt szakemberg\u00e1rda. Alkalmazottaink l\u00e9tsz\u00e1ma k\u00f6zel 60 f\u0151, melynek jelent\u0151s r\u00e9sz\u00e9t a k\u0151m\u0171ves brig\u00e1dok teszik ki. Rendelkez\u00fcnk \u00e1cs-, asztalos- valamint g\u00e9pkezel\u0151 brig\u00e1ddal. Szakembereink k\u00f6r\u00e9t b\u0151v\u00edtik a lakatosok, v\u00edz-, g\u00e1z- \u00e9s villanyszerel\u0151k valamint fest\u0151 \u00e9s b\u00e1dogos munkat\u00e1rsak. A c\u00e9g telephely\u00e9n minden szakma rendelkezik saj\u00e1t m\u0171hellyel, amelyben szakemberei helyben, saj\u00e1t maguk gy\u00e1rthatj\u00e1k le a megrendelt term\u00e9keket pl. ny\u00edl\u00e1sz\u00e1r\u00f3k, ac\u00e9lszerkezetek, b\u00e1dogos szerkezetek stb.<\/p>\n\n\n\n<p class=\"has-small-font-size\">V\u00e1llalkoz\u00e1sunk c\u00e9lja a t\u00e1mogat\u00e1si k\u00e9relem beny\u00fajt\u00e1s\u00e1val a min\u00e9l hat\u00e9konyabb m\u0171k\u00f6d\u00e9s \u00e9s termel\u00e9kenys\u00e9g el\u0151seg\u00edt\u00e9se, els\u0151sorban az Eur\u00f3pai uni\u00f3s fejleszt\u00e9sek megval\u00f3s\u00edt\u00e1sa sor\u00e1n.<\/p>\n\n\n\n<p class=\"has-small-font-size\">B) A t\u00e1mogat\u00e1s r\u00e9v\u00e9n beszerzend\u0151 \u00faj asztalosipari g\u00e9pek a c\u00e9g telephely\u00e9n elhelyezked\u0151 asztalos m\u0171helyben ker\u00fcltnek elhelyez\u00e9sre a megl\u00e9v\u0151 berendez\u00e9sek mellett. A technol\u00f3giai fejl\u0151d\u00e9ssel l\u00e9p\u00e9st tartva a r\u00e9gi \u00e9s \u00faj asztalos g\u00e9pekkel egy\u00fcttesen a mai modern elv\u00e1r\u00e1soknak megfelel\u0151 szerkezetek gy\u00e1rt\u00e1sa v\u00e1lt lehet\u0151v\u00e9.<\/p>\n\n\n\n<p class=\"has-small-font-size\">A beszerzett g\u00e9pek:<\/p>\n\n\n\n<p class=\"has-text-align-center has-small-font-size\">Roland T-120 TP CE norm\u00e1s mar\u00f3g\u00e9p 1 db,<\/p>\n\n\n\n<p class=\"has-text-align-center\">Comatic AF 48 4 g\u00f6rg\u0151s el\u0151tol\u00f3 380V 1 db,<\/p>\n\n\n\n<p class=\"has-text-align-center has-small-font-size\">Coral CA 2C 4LE 2 zs\u00e1kos mobil forg\u00e1cselsz\u00edv\u00f3, <\/p>\n\n\n\n<p class=\"has-text-align-center has-small-font-size\">1 db, Paoloni PF 415N CE norm\u00e1s egyenget\u0151 gyalug\u00e9p 1 db<\/p>\n\n\n\n<h3 class=\"wp-block-heading\"><strong>4.<\/strong> <strong>Komplex hitelprogram az INTEGR\u00c1L Zrt.-n\u00e9<\/strong>l<\/h3>\n\n\n\n<figure class=\"wp-block-image size-large\"><img loading=\"lazy\" decoding=\"async\" width=\"738\" height=\"1024\" src=\"http:\/\/integralepito.hu\/wp-content\/uploads\/2023\/09\/ginop_8_3_5_18_b_d_allo_nyomdai-738x1024.jpg\" alt=\"\" class=\"wp-image-1973\" srcset=\"http:\/\/integralepito.hu\/wp-content\/uploads\/2023\/09\/ginop_8_3_5_18_b_d_allo_nyomdai-738x1024.jpg 738w, http:\/\/integralepito.hu\/wp-content\/uploads\/2023\/09\/ginop_8_3_5_18_b_d_allo_nyomdai-216x300.jpg 216w, http:\/\/integralepito.hu\/wp-content\/uploads\/2023\/09\/ginop_8_3_5_18_b_d_allo_nyomdai-768x1065.jpg 768w, http:\/\/integralepito.hu\/wp-content\/uploads\/2023\/09\/ginop_8_3_5_18_b_d_allo_nyomdai-1107x1536.jpg 1107w, http:\/\/integralepito.hu\/wp-content\/uploads\/2023\/09\/ginop_8_3_5_18_b_d_allo_nyomdai-1476x2048.jpg 1476w, http:\/\/integralepito.hu\/wp-content\/uploads\/2023\/09\/ginop_8_3_5_18_b_d_allo_nyomdai-scaled.jpg 1845w\" sizes=\"(max-width: 738px) 100vw, 738px\" \/><\/figure>\n","protected":false},"excerpt":{"rendered":"<p>1. Modern \u00fczleti \u00e9s termel\u00e9si kih\u00edv\u00e1sokhoz val\u00f3 alkalmazkod\u00e1s\u00e1t seg\u00edt\u0151 fejleszt\u00e9s az INTEGR\u00c1L Zrt.-n\u00e9l Kedvezm\u00e9nyezett neve: INTEGR\u00c1L \u00c9p\u00edt\u0151 Z\u00e1rtk\u00f6r\u0171en M\u0171k\u00f6d\u0151 R\u00e9szv\u00e9nyt\u00e1rsas\u00e1g Projekt megnevez\u00e9se: Modern \u00fczleti \u00e9s termel\u00e9si kih\u00edv\u00e1sokhoz val\u00f3 alkalmazkod\u00e1s\u00e1t seg\u00edt\u0151 fejleszt\u00e9s az INTEGR\u00c1L Zrt.-n\u00e9l P\u00e1ly\u00e1zati c\u00edme: GINOP_PLUSZ-1.2.3-21-2022-00603 Projekt helysz\u00edne (r\u00e9gi\u00f3): D\u00e9l-Alf\u00f6ld Projekt helysz\u00edne (megye): B\u00e9k\u00e9s Projekt helysz\u00edne (telep\u00fcl\u00e9s): Szarvas Meg\u00edt\u00e9lt&#8230;<\/p>\n","protected":false},"author":1,"featured_media":0,"parent":0,"menu_order":0,"comment_status":"closed","ping_status":"closed","template":"","meta":{"footnotes":""},"class_list":["post-871","page","type-page","status-publish","hentry"],"_links":{"self":[{"href":"http:\/\/integralepito.hu\/index.php\/wp-json\/wp\/v2\/pages\/871","targetHints":{"allow":["GET"]}}],"collection":[{"href":"http:\/\/integralepito.hu\/index.php\/wp-json\/wp\/v2\/pages"}],"about":[{"href":"http:\/\/integralepito.hu\/index.php\/wp-json\/wp\/v2\/types\/page"}],"author":[{"embeddable":true,"href":"http:\/\/integralepito.hu\/index.php\/wp-json\/wp\/v2\/users\/1"}],"replies":[{"embeddable":true,"href":"http:\/\/integralepito.hu\/index.php\/wp-json\/wp\/v2\/comments?post=871"}],"version-history":[{"count":40,"href":"http:\/\/integralepito.hu\/index.php\/wp-json\/wp\/v2\/pages\/871\/revisions"}],"predecessor-version":[{"id":2557,"href":"http:\/\/integralepito.hu\/index.php\/wp-json\/wp\/v2\/pages\/871\/revisions\/2557"}],"wp:attachment":[{"href":"http:\/\/integralepito.hu\/index.php\/wp-json\/wp\/v2\/media?parent=871"}],"curies":[{"name":"wp","href":"https:\/\/api.w.org\/{rel}","templated":true}]}}